{"id":4053,"date":"2016-11-05T14:35:36","date_gmt":"2016-11-05T13:35:36","guid":{"rendered":"https:\/\/www.rundwanderung-lagomera.de\/?page_id=4053"},"modified":"2019-12-22T18:52:55","modified_gmt":"2019-12-22T17:52:55","slug":"sobre-nosotros","status":"publish","type":"page","link":"https:\/\/www.rundwanderung-lagomera.de\/es\/ueber-uns\/","title":{"rendered":"sobre nosotros"},"content":{"rendered":"<div id=\"pl-4053\"  class=\"panel-layout\" ><div id=\"pg-4053-0\"  class=\"panel-grid panel-no-style\" ><div id=\"pgc-4053-0-0\"  class=\"panel-grid-cell\" ><div id=\"panel-4053-0-0-0\" class=\"so-panel widget widget_sow-editor panel-first-child panel-last-child\" data-index=\"0\" ><div\n\t\t\t\n\t\t\tclass=\"so-widget-sow-editor so-widget-sow-editor-base\"\n\t\t\t\n\t\t>\n<div class=\"siteorigin-widget-tinymce textwidget\">\n\t<p>\u00a1Somos entusiastas del senderismo de larga distancia y nos encanta estar en la naturaleza durante unos d\u00edas de vacaciones solo con nuestras mochilas! Desde hace varios a\u00f1os, tambi\u00e9n nos fascinan las rutas de senderismo mediterr\u00e1neas de largo recorrido, bastante desconocidas.<\/p>\n<p>\u00a1La combinaci\u00f3n de monta\u00f1a y mar y la oportunidad de alojarse en un alojamiento hermoso y en su mayor\u00eda muy individual es siempre una raz\u00f3n para que so\u00f1emos con nuestras pr\u00f3ximas vacaciones de senderismo!<\/p>\n<p>Sin embargo, el esfuerzo de investigaci\u00f3n antes de las vacaciones fue a menudo bastante grande y, a veces, nos sorprendi\u00f3 mucho que algunas rutas de senderismo estuvieran excelentemente dise\u00f1adas y bien se\u00f1alizadas en el sitio, pero al mismo tiempo permanecieran totalmente desconocidas en la red. En nuestra caminata circular en La Gomera, decidimos documentar esta ruta de senderismo en l\u00ednea y darla a conocer. En retrospectiva, eso funcion\u00f3 mucho mejor de lo esperado: mientras tanto, la revista de viajes &quot;Geo Saison&quot; ha informado extensamente sobre el GR-132 en las &quot;Islas Canarias Especiales&quot; (<a href=\"http:\/\/www.geo.de\/magazine\/geo-special\/19293-geo-special-nr-5-2016-kanarische-inseln\" target=\"_blank\" rel=\"noopener noreferrer\">al folleto<\/a>) . Otros art\u00edculos sobre el GR-132 tambi\u00e9n aparecieron aqu\u00ed: <a href=\"http:\/\/www.spiegel.de\/reise\/aktuell\/urlaub-im-september-die-besten-reiseziele-a-1108556.html\" target=\"_blank\" rel=\"noopener noreferrer\">Espejo en l\u00ednea<\/a> y <a href=\"http:\/\/sz-magazin.sueddeutsche.de\/texte\/anzeigen\/45967\/\" target=\"_blank\" rel=\"noopener noreferrer\">Revista SZ<\/a>. Pero no te preocupes: \u00a1la ruta de senderismo todav\u00eda est\u00e1 lejos del turismo de masas!<\/p>\n<p>La gran cantidad de comentarios positivos sobre el sitio web de La Gomera nos ha alentado y, mientras tanto, se han creado m\u00e1s excelentes vacaciones de senderismo con el sitio web asociado y \u00a1se planean algunas m\u00e1s! Puede encontrar una descripci\u00f3n general actual aqu\u00ed:<\/p>\n<p><a href=\"https:\/\/www.wanderndeluxe.de\/fernwanderwege\/\" target=\"_blank\" rel=\"noopener\">www.wanderndeluxe.de\/fernwanderwege\/<\/a><\/p>\n<p>\u00a1Esperamos poder compartir nuestro entusiasmo por el senderismo con usted!<\/p>\n<\/div>\n<\/div><\/div><\/div><div id=\"pgc-4053-0-1\"  class=\"panel-grid-cell\" ><div id=\"panel-4053-0-1-0\" class=\"so-panel widget widget_sow-image panel-first-child panel-last-child\" data-index=\"1\" ><div\n\t\t\t\n\t\t\tclass=\"so-widget-sow-image so-widget-sow-image-default-8b5b6f678277-4053\"\n\t\t\t\n\t\t>\n<div class=\"sow-image-container\">\n\t\t\t<a href=\"https:\/\/www.rundwanderung-lagomera.de\/wp-content\/uploads\/2014\/10\/rundwanderung-la-gomera-\u00fcber-uns.jpg\">\n\t\t\t<img \n\tsrc=\"https:\/\/www.rundwanderung-lagomera.de\/wp-content\/uploads\/2014\/10\/rundwanderung-la-gomera-\u00fcber-uns.jpg\" width=\"800\" height=\"800\" srcset=\"https:\/\/www.rundwanderung-lagomera.de\/wp-content\/uploads\/2014\/10\/rundwanderung-la-gomera-\u00fcber-uns.jpg 800w, https:\/\/www.rundwanderung-lagomera.de\/wp-content\/uploads\/2014\/10\/rundwanderung-la-gomera-\u00fcber-uns-150x150.jpg 150w, https:\/\/www.rundwanderung-lagomera.de\/wp-content\/uploads\/2014\/10\/rundwanderung-la-gomera-\u00fcber-uns-300x300.jpg 300w, https:\/\/www.rundwanderung-lagomera.de\/wp-content\/uploads\/2014\/10\/rundwanderung-la-gomera-\u00fcber-uns-768x768.jpg 768w\" sizes=\"(max-width: 800px) 100vw, 800px\" title=\"caminata-circular-la-gomera-sobre-nosotros\" alt=\"\" \t\tclass=\"so-widget-image\"\/>\n\t\t\t<\/a><\/div>\n\n<\/div><\/div><\/div><\/div><\/div>","protected":false},"excerpt":{"rendered":"<p>Wir sind begeisterte Fern-Wanderer und lieben es, im Urlaub f\u00fcr einige Tage nur mit dem Rucksack in der Natur unterwegs zu sein!\u00a0Seit einigen Jahren haben es uns zudem die eher unbekannten, mediterranen Fernwanderwege angetan. Die Kombination von Bergen und Meer\u00a0und die M\u00f6glichkeit, in sch\u00f6nen und meist sehr individuellen Unterk\u00fcnften\u00a0zu \u00fcbernachten, sind f\u00fcr uns immer wieder [&hellip;]<\/p>\n","protected":false},"author":1,"featured_media":0,"parent":0,"menu_order":0,"comment_status":"closed","ping_status":"closed","template":"","meta":{"footnotes":""},"class_list":["post-4053","page","type-page","status-publish","hentry","post"],"_links":{"self":[{"href":"https:\/\/www.rundwanderung-lagomera.de\/es\/wp-json\/wp\/v2\/pages\/4053","targetHints":{"allow":["GET"]}}],"collection":[{"href":"https:\/\/www.rundwanderung-lagomera.de\/es\/wp-json\/wp\/v2\/pages"}],"about":[{"href":"https:\/\/www.rundwanderung-lagomera.de\/es\/wp-json\/wp\/v2\/types\/page"}],"author":[{"embeddable":true,"href":"https:\/\/www.rundwanderung-lagomera.de\/es\/wp-json\/wp\/v2\/users\/1"}],"replies":[{"embeddable":true,"href":"https:\/\/www.rundwanderung-lagomera.de\/es\/wp-json\/wp\/v2\/comments?post=4053"}],"version-history":[{"count":0,"href":"https:\/\/www.rundwanderung-lagomera.de\/es\/wp-json\/wp\/v2\/pages\/4053\/revisions"}],"wp:attachment":[{"href":"https:\/\/www.rundwanderung-lagomera.de\/es\/wp-json\/wp\/v2\/media?parent=4053"}],"curies":[{"name":"wp","href":"https:\/\/api.w.org\/{rel}","templated":true}]}}